{"id":1861,"date":"2023-11-23T12:57:51","date_gmt":"2023-11-23T17:57:51","guid":{"rendered":"https:\/\/lemaraichermoderne.com\/?post_type=product&#038;p=1861"},"modified":"2025-09-18T14:11:00","modified_gmt":"2025-09-18T18:11:00","slug":"savon-noir-maison-500ml","status":"publish","type":"product","link":"https:\/\/lemaraichermoderne.com\/en\/produit\/savon-noir-maison-500ml\/","title":{"rendered":"Savon Noir Maison 500ml"},"content":{"rendered":"<p>Dans le jardin, le savon noir Marius Fabre<br \/>\nest l\u2019alli\u00e9 naturel de vos plantes.<br \/>\nRosiers, plantes d\u2019ornement, arbres fruitiers, potager\u2026<\/p>\n<p>Nettoie la fumagine laiss\u00e9e par les pucerons sur les feuilles des<br \/>\nv\u00e9g\u00e9taux.<\/p>\n","protected":false},"excerpt":{"rendered":"<p>Dans le jardin, le savon noir Marius Fabre est l\u2019alli\u00e9 naturel de vos plantes. Rosiers, plantes d\u2019ornement, arbres fruitiers, potager\u2026 Nettoie la fumagine laiss\u00e9e par les pucerons sur les feuilles des v\u00e9g\u00e9taux.<\/p>\n","protected":false},"featured_media":2424,"template":"","meta":[],"product_brand":[],"product_cat":[25],"product_tag":[],"class_list":{"0":"post-1861","1":"product","2":"type-product","3":"status-publish","4":"has-post-thumbnail","6":"product_cat-controle-antiparasitaire","8":"first","9":"instock","10":"taxable","11":"shipping-taxable","12":"purchasable","13":"product-type-simple"},"yoast_head":"<!-- This site is optimized with the Yoast SEO plugin v27.5 - https:\/\/yoast.com\/product\/yoast-seo-wordpress\/ -->\n<title>Savon Noir Maison 500ml - Le Mara\u00eecher Moderne<\/title>\n<meta name=\"robots\" content=\"index, follow, max-snippet:-1, max-image-preview:large, max-video-preview:-1\" \/>\n<link rel=\"canonical\" href=\"https:\/\/lemaraichermoderne.com\/en\/produit\/savon-noir-maison-500ml\/\" \/>\n<meta property=\"og:locale\" content=\"en_US\" \/>\n<meta property=\"og:type\" content=\"article\" \/>\n<meta property=\"og:title\" content=\"Savon Noir Maison 500ml - Le Mara\u00eecher Moderne\" \/>\n<meta property=\"og:description\" content=\"Dans le jardin, le savon noir Marius Fabre est l\u2019alli\u00e9 naturel de vos plantes. Rosiers, plantes d\u2019ornement, arbres fruitiers, potager\u2026 Nettoie la fumagine laiss\u00e9e par les pucerons sur les feuilles des v\u00e9g\u00e9taux.\" \/>\n<meta property=\"og:url\" content=\"https:\/\/lemaraichermoderne.com\/en\/produit\/savon-noir-maison-500ml\/\" \/>\n<meta property=\"og:site_name\" content=\"Le Mara\u00eecher Moderne\" \/>\n<meta property=\"article:publisher\" content=\"https:\/\/www.facebook.com\/lemaraichermoderne\" \/>\n<meta property=\"article:modified_time\" content=\"2025-09-18T18:11:00+00:00\" \/>\n<meta property=\"og:image\" content=\"https:\/\/lemaraichermoderne.com\/wp-content\/uploads\/2023\/11\/savon-noir-maison-500ml.jpg\" \/>\n\t<meta property=\"og:image:width\" content=\"500\" \/>\n\t<meta property=\"og:image:height\" content=\"500\" \/>\n\t<meta property=\"og:image:type\" content=\"image\/jpeg\" \/>\n<meta name=\"twitter:card\" content=\"summary_large_image\" \/>\n<meta name=\"twitter:label1\" content=\"Est. reading time\" \/>\n\t<meta name=\"twitter:data1\" content=\"1 minute\" \/>\n<script type=\"application\/ld+json\" class=\"yoast-schema-graph\">{\"@context\":\"https:\\\/\\\/schema.org\",\"@graph\":[{\"@type\":\"WebPage\",\"@id\":\"https:\\\/\\\/lemaraichermoderne.com\\\/en\\\/produit\\\/savon-noir-maison-500ml\\\/\",\"url\":\"https:\\\/\\\/lemaraichermoderne.com\\\/en\\\/produit\\\/savon-noir-maison-500ml\\\/\",\"name\":\"Savon Noir Maison 500ml - Le Mara\u00eecher Moderne\",\"isPartOf\":{\"@id\":\"https:\\\/\\\/lemaraichermoderne.com\\\/en\\\/#website\"},\"primaryImageOfPage\":{\"@id\":\"https:\\\/\\\/lemaraichermoderne.com\\\/en\\\/produit\\\/savon-noir-maison-500ml\\\/#primaryimage\"},\"image\":{\"@id\":\"https:\\\/\\\/lemaraichermoderne.com\\\/en\\\/produit\\\/savon-noir-maison-500ml\\\/#primaryimage\"},\"thumbnailUrl\":\"https:\\\/\\\/lemaraichermoderne.com\\\/wp-content\\\/uploads\\\/2023\\\/11\\\/savon-noir-maison-500ml.jpg\",\"datePublished\":\"2023-11-23T17:57:51+00:00\",\"dateModified\":\"2025-09-18T18:11:00+00:00\",\"breadcrumb\":{\"@id\":\"https:\\\/\\\/lemaraichermoderne.com\\\/en\\\/produit\\\/savon-noir-maison-500ml\\\/#breadcrumb\"},\"inLanguage\":\"en-US\",\"potentialAction\":[{\"@type\":\"ReadAction\",\"target\":[\"https:\\\/\\\/lemaraichermoderne.com\\\/en\\\/produit\\\/savon-noir-maison-500ml\\\/\"]}]},{\"@type\":\"ImageObject\",\"inLanguage\":\"en-US\",\"@id\":\"https:\\\/\\\/lemaraichermoderne.com\\\/en\\\/produit\\\/savon-noir-maison-500ml\\\/#primaryimage\",\"url\":\"https:\\\/\\\/lemaraichermoderne.com\\\/wp-content\\\/uploads\\\/2023\\\/11\\\/savon-noir-maison-500ml.jpg\",\"contentUrl\":\"https:\\\/\\\/lemaraichermoderne.com\\\/wp-content\\\/uploads\\\/2023\\\/11\\\/savon-noir-maison-500ml.jpg\",\"width\":500,\"height\":500},{\"@type\":\"BreadcrumbList\",\"@id\":\"https:\\\/\\\/lemaraichermoderne.com\\\/en\\\/produit\\\/savon-noir-maison-500ml\\\/#breadcrumb\",\"itemListElement\":[{\"@type\":\"ListItem\",\"position\":1,\"name\":\"Accueil\",\"item\":\"https:\\\/\\\/lemaraichermoderne.com\\\/en\\\/\"},{\"@type\":\"ListItem\",\"position\":2,\"name\":\"Boutique\",\"item\":\"https:\\\/\\\/lemaraichermoderne.com\\\/boutique\\\/\"},{\"@type\":\"ListItem\",\"position\":3,\"name\":\"Savon Noir Maison 500ml\"}]},{\"@type\":\"WebSite\",\"@id\":\"https:\\\/\\\/lemaraichermoderne.com\\\/en\\\/#website\",\"url\":\"https:\\\/\\\/lemaraichermoderne.com\\\/en\\\/\",\"name\":\"Le Mara\u00eecher Moderne\",\"description\":\"R\u00e9f\u00e9rence en hydroponie \u00e0 Qu\u00e9bec\",\"publisher\":{\"@id\":\"https:\\\/\\\/lemaraichermoderne.com\\\/en\\\/#organization\"},\"potentialAction\":[{\"@type\":\"SearchAction\",\"target\":{\"@type\":\"EntryPoint\",\"urlTemplate\":\"https:\\\/\\\/lemaraichermoderne.com\\\/en\\\/?s={search_term_string}\"},\"query-input\":{\"@type\":\"PropertyValueSpecification\",\"valueRequired\":true,\"valueName\":\"search_term_string\"}}],\"inLanguage\":\"en-US\"},{\"@type\":\"Organization\",\"@id\":\"https:\\\/\\\/lemaraichermoderne.com\\\/en\\\/#organization\",\"name\":\"Le Mara\u00eecher Moderne\",\"url\":\"https:\\\/\\\/lemaraichermoderne.com\\\/en\\\/\",\"logo\":{\"@type\":\"ImageObject\",\"inLanguage\":\"en-US\",\"@id\":\"https:\\\/\\\/lemaraichermoderne.com\\\/en\\\/#\\\/schema\\\/logo\\\/image\\\/\",\"url\":\"https:\\\/\\\/lemaraichermoderne.com\\\/wp-content\\\/uploads\\\/2023\\\/03\\\/logo_mm1.png\",\"contentUrl\":\"https:\\\/\\\/lemaraichermoderne.com\\\/wp-content\\\/uploads\\\/2023\\\/03\\\/logo_mm1.png\",\"width\":500,\"height\":222,\"caption\":\"Le Mara\u00eecher Moderne\"},\"image\":{\"@id\":\"https:\\\/\\\/lemaraichermoderne.com\\\/en\\\/#\\\/schema\\\/logo\\\/image\\\/\"},\"sameAs\":[\"https:\\\/\\\/www.facebook.com\\\/lemaraichermoderne\",\"https:\\\/\\\/www.instagram.com\\\/lemaraichermoderne\"]}]}<\/script>\n<!-- \/ Yoast SEO plugin. -->","yoast_head_json":{"title":"Savon Noir Maison 500ml - Le Mara\u00eecher Moderne","robots":{"index":"index","follow":"follow","max-snippet":"max-snippet:-1","max-image-preview":"max-image-preview:large","max-video-preview":"max-video-preview:-1"},"canonical":"https:\/\/lemaraichermoderne.com\/en\/produit\/savon-noir-maison-500ml\/","og_locale":"en_US","og_type":"article","og_title":"Savon Noir Maison 500ml - Le Mara\u00eecher Moderne","og_description":"Dans le jardin, le savon noir Marius Fabre est l\u2019alli\u00e9 naturel de vos plantes. Rosiers, plantes d\u2019ornement, arbres fruitiers, potager\u2026 Nettoie la fumagine laiss\u00e9e par les pucerons sur les feuilles des v\u00e9g\u00e9taux.","og_url":"https:\/\/lemaraichermoderne.com\/en\/produit\/savon-noir-maison-500ml\/","og_site_name":"Le Mara\u00eecher Moderne","article_publisher":"https:\/\/www.facebook.com\/lemaraichermoderne","article_modified_time":"2025-09-18T18:11:00+00:00","og_image":[{"width":500,"height":500,"url":"https:\/\/lemaraichermoderne.com\/wp-content\/uploads\/2023\/11\/savon-noir-maison-500ml.jpg","type":"image\/jpeg"}],"twitter_card":"summary_large_image","twitter_misc":{"Est. reading time":"1 minute"},"schema":{"@context":"https:\/\/schema.org","@graph":[{"@type":"WebPage","@id":"https:\/\/lemaraichermoderne.com\/en\/produit\/savon-noir-maison-500ml\/","url":"https:\/\/lemaraichermoderne.com\/en\/produit\/savon-noir-maison-500ml\/","name":"Savon Noir Maison 500ml - Le Mara\u00eecher Moderne","isPartOf":{"@id":"https:\/\/lemaraichermoderne.com\/en\/#website"},"primaryImageOfPage":{"@id":"https:\/\/lemaraichermoderne.com\/en\/produit\/savon-noir-maison-500ml\/#primaryimage"},"image":{"@id":"https:\/\/lemaraichermoderne.com\/en\/produit\/savon-noir-maison-500ml\/#primaryimage"},"thumbnailUrl":"https:\/\/lemaraichermoderne.com\/wp-content\/uploads\/2023\/11\/savon-noir-maison-500ml.jpg","datePublished":"2023-11-23T17:57:51+00:00","dateModified":"2025-09-18T18:11:00+00:00","breadcrumb":{"@id":"https:\/\/lemaraichermoderne.com\/en\/produit\/savon-noir-maison-500ml\/#breadcrumb"},"inLanguage":"en-US","potentialAction":[{"@type":"ReadAction","target":["https:\/\/lemaraichermoderne.com\/en\/produit\/savon-noir-maison-500ml\/"]}]},{"@type":"ImageObject","inLanguage":"en-US","@id":"https:\/\/lemaraichermoderne.com\/en\/produit\/savon-noir-maison-500ml\/#primaryimage","url":"https:\/\/lemaraichermoderne.com\/wp-content\/uploads\/2023\/11\/savon-noir-maison-500ml.jpg","contentUrl":"https:\/\/lemaraichermoderne.com\/wp-content\/uploads\/2023\/11\/savon-noir-maison-500ml.jpg","width":500,"height":500},{"@type":"BreadcrumbList","@id":"https:\/\/lemaraichermoderne.com\/en\/produit\/savon-noir-maison-500ml\/#breadcrumb","itemListElement":[{"@type":"ListItem","position":1,"name":"Accueil","item":"https:\/\/lemaraichermoderne.com\/en\/"},{"@type":"ListItem","position":2,"name":"Boutique","item":"https:\/\/lemaraichermoderne.com\/boutique\/"},{"@type":"ListItem","position":3,"name":"Savon Noir Maison 500ml"}]},{"@type":"WebSite","@id":"https:\/\/lemaraichermoderne.com\/en\/#website","url":"https:\/\/lemaraichermoderne.com\/en\/","name":"Le Mara\u00eecher Moderne","description":"R\u00e9f\u00e9rence en hydroponie \u00e0 Qu\u00e9bec","publisher":{"@id":"https:\/\/lemaraichermoderne.com\/en\/#organization"},"potentialAction":[{"@type":"SearchAction","target":{"@type":"EntryPoint","urlTemplate":"https:\/\/lemaraichermoderne.com\/en\/?s={search_term_string}"},"query-input":{"@type":"PropertyValueSpecification","valueRequired":true,"valueName":"search_term_string"}}],"inLanguage":"en-US"},{"@type":"Organization","@id":"https:\/\/lemaraichermoderne.com\/en\/#organization","name":"Le Mara\u00eecher Moderne","url":"https:\/\/lemaraichermoderne.com\/en\/","logo":{"@type":"ImageObject","inLanguage":"en-US","@id":"https:\/\/lemaraichermoderne.com\/en\/#\/schema\/logo\/image\/","url":"https:\/\/lemaraichermoderne.com\/wp-content\/uploads\/2023\/03\/logo_mm1.png","contentUrl":"https:\/\/lemaraichermoderne.com\/wp-content\/uploads\/2023\/03\/logo_mm1.png","width":500,"height":222,"caption":"Le Mara\u00eecher Moderne"},"image":{"@id":"https:\/\/lemaraichermoderne.com\/en\/#\/schema\/logo\/image\/"},"sameAs":["https:\/\/www.facebook.com\/lemaraichermoderne","https:\/\/www.instagram.com\/lemaraichermoderne"]}]}},"_links":{"self":[{"href":"https:\/\/lemaraichermoderne.com\/en\/wp-json\/wp\/v2\/product\/1861","targetHints":{"allow":["GET"]}}],"collection":[{"href":"https:\/\/lemaraichermoderne.com\/en\/wp-json\/wp\/v2\/product"}],"about":[{"href":"https:\/\/lemaraichermoderne.com\/en\/wp-json\/wp\/v2\/types\/product"}],"wp:featuredmedia":[{"embeddable":true,"href":"https:\/\/lemaraichermoderne.com\/en\/wp-json\/wp\/v2\/media\/2424"}],"wp:attachment":[{"href":"https:\/\/lemaraichermoderne.com\/en\/wp-json\/wp\/v2\/media?parent=1861"}],"wp:term":[{"taxonomy":"product_brand","embeddable":true,"href":"https:\/\/lemaraichermoderne.com\/en\/wp-json\/wp\/v2\/product_brand?post=1861"},{"taxonomy":"product_cat","embeddable":true,"href":"https:\/\/lemaraichermoderne.com\/en\/wp-json\/wp\/v2\/product_cat?post=1861"},{"taxonomy":"product_tag","embeddable":true,"href":"https:\/\/lemaraichermoderne.com\/en\/wp-json\/wp\/v2\/product_tag?post=1861"}],"curies":[{"name":"wp","href":"https:\/\/api.w.org\/{rel}","templated":true}]}}